{"id":15,"date":"2026-09-04T14:51:16","date_gmt":"2026-09-04T17:51:16","guid":{"rendered":"http:\/\/localhost:8080\/?page_id=15"},"modified":"2026-09-04T14:51:16","modified_gmt":"2026-09-04T17:51:16","slug":"politica-de-privacidade-2","status":"publish","type":"page","link":"https:\/\/elevar.siiig.com.br\/?page_id=15","title":{"rendered":"Pol\u00edtica de Privacidade"},"content":{"rendered":"<p class=\"privacy-updated\">Atualizada em 11\/08\/2024<\/p>\n<p>Este site \u00e9 mantido e operado por Elevar Energia.<\/p>\n<p>N\u00f3s coletamos e utilizamos alguns dados pessoais que pertencem \u00e0queles que utilizam nosso site. Ao faz\u00ea-lo, agimos na qualidade de controlador desses dados e estamos sujeitos \u00e0s disposi\u00e7\u00f5es da Lei Federal n. 13.709\/2018 (Lei Geral de Prote\u00e7\u00e3o de Dados Pessoais &#8211; LGPD).<\/p>\n<p>N\u00f3s cuidamos da prote\u00e7\u00e3o de seus dados pessoais e, por isso, disponibilizamos esta pol\u00edtica de privacidade, que cont\u00e9m informa\u00e7\u00f5es importantes sobre:<\/p>\n<ul>\n<li>Quem deve utilizar nosso site<\/li>\n<li>Quais dados coletamos e o que fazemos com eles;<\/li>\n<li>Seus direitos em rela\u00e7\u00e3o aos seus dados pessoais;<\/li>\n<li>Como entrar em contato conosco.<\/li>\n<\/ul>\n<h2>1. Dados que coletamos e motivos da coleta<\/h2>\n<p>Nosso site coleta e utiliza alguns dados pessoais de nossos usu\u00e1rios, de acordo com o disposto nesta se\u00e7\u00e3o.<\/p>\n<h3>1. Dados pessoais fornecidos expressamente pelo usu\u00e1rio<\/h3>\n<p>N\u00f3s coletamos os seguintes dados pessoais que nossos usu\u00e1rios nos fornecem expressamente ao utilizar nosso site:<\/p>\n<ul>\n<li>Nome;<\/li>\n<li>Sobrenome;<\/li>\n<li>Email;<\/li>\n<\/ul>\n<p>A coleta destes dados ocorre nos seguintes momentos:<\/p>\n<ul>\n<li>P\u00e1gina CONTATO: Quando o usu\u00e1rio entra na p\u00e1gina de contato e realiza preenchimento dos campos solicitados<\/li>\n<li>Todas as p\u00e1ginas: Quando o usu\u00e1rio decidir por compartilhar seu email para cadastro da Newsletter oficial da Elevar Energia<\/li>\n<\/ul>\n<p>Os dados fornecidos por nossos usu\u00e1rios s\u00e3o coletados com as seguintes finalidades:<\/p>\n<ul>\n<li>P\u00e1gina CONTATO: Quando o usu\u00e1rio preenche dados para entrar em contato com a Elevar Energia com a inten\u00e7\u00e3o de tirar suas d\u00favidas, sugest\u00f5es e\/ou compartilhamento de informa\u00e7\u00f5es para que a Elevar possa entrar em contato e responde-lo(a).<\/li>\n<li>NEWSLETTER: Preenchimento das informa\u00e7\u00f5es para recebimento de novidades diretas ou postadas na m\u00eddia relacionadas \u00e0 Elevar Energia.<\/li>\n<\/ul>\n<h3>2. Dados sens\u00edveis<\/h3>\n<p>N\u00e3o ser\u00e3o coletados dados sens\u00edveis de nossos usu\u00e1rios, assim entendidos aqueles definidos nos arts. 11 e seguintes da Lei de Prote\u00e7\u00e3o de Dados Pessoais. Assim, n\u00e3o haver\u00e1 coleta de dados sobre origem racial ou \u00e9tnica, convic\u00e7\u00e3o religiosa, opini\u00e3o pol\u00edtica, filia\u00e7\u00e3o a sindicato ou a organiza\u00e7\u00e3o de car\u00e1ter religioso, filos\u00f3fico ou pol\u00edtico, dado referente \u00e0 sa\u00fade ou \u00e0 vida sexual, dado gen\u00e9tico ou biom\u00e9trico, quando vinculado a uma pessoa natural.<\/p>\n<h3>3. Cookies<\/h3>\n<p>Cookies s\u00e3o pequenos arquivos de texto baixados automaticamente em seu dispositivo quando voc\u00ea acessa e navega por um site. Eles servem, basicamente, para seja poss\u00edvel identificar dispositivos, atividades e prefer\u00eancias de usu\u00e1rios.<\/p>\n<p>Os cookies n\u00e3o permitem que qualquer arquivo ou informa\u00e7\u00e3o sejam extra\u00eddos do disco r\u00edgido do usu\u00e1rio, n\u00e3o sendo poss\u00edvel, ainda, que, por meio deles, se tenha acesso a informa\u00e7\u00f5es pessoais que n\u00e3o tenham partido do usu\u00e1rio ou da forma como utiliza os recursos do site.<\/p>\n<h3>a. Cookies do site<\/h3>\n<p>Os cookies do site s\u00e3o aqueles enviados ao computador ou dispositivo do usu\u00e1rio e administrador exclusivamente pelo site.<\/p>\n<p>As informa\u00e7\u00f5es coletadas por meio destes cookies s\u00e3o utilizadas para melhorar e personalizar a experi\u00eancia do usu\u00e1rio, sendo que alguns cookies podem, por exemplo, ser utilizados para lembrar as prefer\u00eancias e escolhas do usu\u00e1rio, bem como para o oferecimento de conte\u00fado personalizado.<\/p>\n<h3>b. Gest\u00e3o de cookies<\/h3>\n<p>O usu\u00e1rio poder\u00e1 se opor ao registro de cookies pelo site, bastando que desative esta op\u00e7\u00e3o no seu pr\u00f3prio navegador. Mais informa\u00e7\u00f5es sobre como fazer isso em alguns dos principais navegadores utilizados hoje podem ser acessadas a partir dos seguintes links:<\/p>\n<ul>\n<li>Internet Explorer: <a href=\"https:\/\/support.microsoft.com\/pt-br\/help\/17442\/windows-internet-explorer-delete-manage-cookies\">https:\/\/support.microsoft.com\/pt-br\/help\/17442\/windows-internet-explorer-delete-manage-cookies<\/a><\/li>\n<li>Safari: <a href=\"https:\/\/support.apple.com\/pt-br\/guide\/safari\/sfri11471\/mac\">https:\/\/support.apple.com\/pt-br\/guide\/safari\/sfri11471\/mac<\/a><\/li>\n<li>Google Chrome: <a href=\"https:\/\/support.google.com\/chrome\/answer\/95647?hl=pt-BR&amp;hlrm=pt\">https:\/\/support.google.com\/chrome\/answer\/95647?hl=pt-BR&amp;hlrm=pt<\/a><\/li>\n<li>Mozilla Firefox: <a href=\"https:\/\/support.mozilla.org\/pt-BR\/kb\/ative-e-desative-os-cookies-que-os-sites-usam\">https:\/\/support.mozilla.org\/pt-BR\/kb\/ative-e-desative-os-cookies-que-os-sites-usam<\/a><\/li>\n<li>Opera: <a href=\"https:\/\/www.opera.com\/help\/tutorials\/security\/privacy\/\">https:\/\/www.opera.com\/help\/tutorials\/security\/privacy\/<\/a><\/li>\n<\/ul>\n<p>A desativa\u00e7\u00e3o dos cookies, no entanto, pode afetar a disponibilidade de algumas ferramentas e funcionalidades do site, comprometendo seu correto e esperado funcionamento. Outra consequ\u00eancia poss\u00edvel \u00e9 remo\u00e7\u00e3o das prefer\u00eancias do usu\u00e1rio que eventualmente tiverem sido salvas, prejudicando sua experi\u00eancia.<\/p>\n<h3>4. Coleta de dados n\u00e3o previstos expressamente<\/h3>\n<p>Eventualmente, outros tipos de dados n\u00e3o previstos expressamente nesta Pol\u00edtica de Privacidade poder\u00e3o ser coletados, desde que sejam fornecidos com o consentimento do usu\u00e1rio, ou, ainda, que a coleta seja permitida com fundamento em outra base legal prevista em lei. Em qualquer caso, a coleta de dados e as atividades de tratamento dela decorrentes ser\u00e3o informadas aos usu\u00e1rios do site.<\/p>\n<h2>2. Compartilhamento de dados pessoais com terceiros<\/h2>\n<p>N\u00f3s n\u00e3o compartilhamos seus dados pessoais com terceiros. Apesar disso, \u00e9 poss\u00edvel que o fa\u00e7amos para cumprir alguma determina\u00e7\u00e3o legal ou regulat\u00f3ria, ou, ainda, para cumprir alguma ordem expedida por autoridade p\u00fablica.<\/p>\n<h2>3. Por quanto tempo seus dados pessoais ser\u00e3o armazenados<\/h2>\n<p>Os dados pessoais coletados pelo site s\u00e3o armazenados e utilizados por per\u00edodo de tempo que corresponda ao necess\u00e1rio para atingir as finalidades elencadas neste documento e que considere os direitos de seus titulares, os direitos do controlador do site e as disposi\u00e7\u00f5es legais ou regulat\u00f3rias aplic\u00e1veis.<\/p>\n<p>Uma vez expirados os per\u00edodos de armazenamento dos dados pessoais, eles s\u00e3o removidos de nossas bases de dados ou anonimizados, salvo nos casos em que houver a possibilidade ou a necessidade de armazenamento em virtude de disposi\u00e7\u00e3o legal ou regulat\u00f3ria.<\/p>\n<h2>4. Bases legais para o tratamento de dados pessoais<\/h2>\n<p>Cada opera\u00e7\u00e3o de tratamento de dados pessoais precisa ter um fundamento jur\u00eddico, ou seja, uma base legal, que nada mais \u00e9 que uma justificativa que a autorize, prevista na Lei Geral de Prote\u00e7\u00e3o de Dados Pessoais.<\/p>\n<p>Todas as nossas atividades de tratamento de dados pessoais possuem uma base legal que as fundamenta, dentre as permitidas pela legisla\u00e7\u00e3o. Mais informa\u00e7\u00f5es sobre as bases legais que utilizamos para opera\u00e7\u00f5es de tratamento de dados pessoais espec\u00edficas podem ser obtidas a partir de nossos canais de contato, informados ao final desta Pol\u00edtica.<\/p>\n<h2>5. Como o titular pode exercer seus direitos<\/h2>\n<p>Para garantir que o usu\u00e1rio que pretende exercer seus direitos \u00e9, de fato, o titular dos dados pessoais objeto da requisi\u00e7\u00e3o, poderemos solicitar documentos ou outras informa\u00e7\u00f5es que possam auxiliar em sua correta identifica\u00e7\u00e3o, a fim de resguardar nossos direitos e os direitos de terceiros. Isto somente ser\u00e1 feito, por\u00e9m, se for absolutamente necess\u00e1rio, e o requerente receber\u00e1 todas as informa\u00e7\u00f5es relacionadas.<\/p>\n<h2>6. Medidas de seguran\u00e7a no tratamento de dados pessoais<\/h2>\n<p>Empregamos medidas t\u00e9cnicas e organizativas aptas a proteger os dados pessoais de acessos n\u00e3o autorizados e de situa\u00e7\u00f5es de destrui\u00e7\u00e3o, perda, extravio ou altera\u00e7\u00e3o desses dados.<\/p>\n<p>As medidas que utilizamos levam em considera\u00e7\u00e3o a natureza dos dados, o contexto e a finalidade do tratamento, os riscos que uma eventual viola\u00e7\u00e3o geraria para os direitos e liberdades do usu\u00e1rio, e os padr\u00f5es atualmente empregados no mercado por empresas semelhantes \u00e0 nossa.<\/p>\n<p>Entre as medidas de seguran\u00e7a adotadas por n\u00f3s, destacamos as seguintes:<\/p>\n<p>A Elevar Energia trata os dados de todos os seus usu\u00e1rios, clientes e navegadores com muita transpar\u00eancia e respeito. Estes dados s\u00e3o protegidos e gerenciados por n\u00famero limitado de gestores. Como uma empresa com pilares fortes em compliance, al\u00e9m de termos premissas de prote\u00e7\u00e3o de dados de todos os nossos clientes, assim tratamos todos aqueles que acessam e compartilham informa\u00e7\u00f5es conosco, com o m\u00e1ximo de discri\u00e7\u00e3o. Somos auditados, e por isso, tamb\u00e9m, esta \u00e9 mais uma forma de assegurar a prote\u00e7\u00e3o dos dados de todos os nossos usu\u00e1rios.<\/p>\n<p>Ainda que adote tudo o que est\u00e1 ao seu alcance para evitar incidentes de seguran\u00e7a, \u00e9 poss\u00edvel que ocorra algum problema motivado exclusivamente por um terceiro &#8211; como em caso de ataques de hackers ou crackers ou, ainda, em caso de culpa exclusiva do usu\u00e1rio, que ocorre, por exemplo, quando ele mesmo transfere seus dados a terceiros. Assim, embora sejamos, em geral, respons\u00e1veis pelos dados pessoais que tratamos, nos eximimos de responsabilidade caso ocorra uma situa\u00e7\u00e3o excepcional como essas, sobre as quais n\u00e3o temos nenhum tipo de controle.<\/p>\n<p>De qualquer forma, caso ocorra qualquer tipo de incidente de seguran\u00e7a que possa gerar risco ou dano relevante para qualquer de nossos usu\u00e1rios, comunicaremos os afetados e a Autoridade Nacional de Prote\u00e7\u00e3o de Dados acerca do ocorrido, em conformidade com o disposto na Lei Geral de Prote\u00e7\u00e3o de Dados.<\/p>\n<h2>7. Altera\u00e7\u00f5es nesta pol\u00edtica<\/h2>\n<p>A presente vers\u00e3o desta Pol\u00edtica de Privacidade foi atualizada pela \u00faltima vez em: 11\/08\/2024.<\/p>\n<p>Reservamo-nos o direito de modificar, a qualquer momento, as presentes normas, especialmente para adapt\u00e1-las \u00e0s eventuais altera\u00e7\u00f5es feitas em nosso site, seja pela disponibiliza\u00e7\u00e3o de novas funcionalidades, seja pela supress\u00e3o ou modifica\u00e7\u00e3o daquelas j\u00e1 existentes.<\/p>\n<p>Sempre que houver uma modifica\u00e7\u00e3o, nossos usu\u00e1rios ser\u00e3o notificados acerca da mudan\u00e7a.<\/p>\n<h2>8. Como entrar em contato conosco<\/h2>\n<p>Para esclarecer quaisquer d\u00favidas sobre esta Pol\u00edtica de Privacidade ou sobre os dados pessoais que tratamos, entre em contato com nosso Encarregado de Prote\u00e7\u00e3o de Dados Pessoais, por algum dos canais mencionados abaixo:<\/p>\n<ul>\n<li>E-mail: <a href=\"mailto:contato@elevarenergia.com\">contato@elevarenergia.com<\/a><\/li>\n<li>Telefone: <a href=\"tel:+551146882259\">+55 11 4688-2259<\/a><\/li>\n<li>Endere\u00e7o postal: Alameda Rio Negro, n\u00ba 503, Conj. 816;818<\/li>\n<\/ul>\n","protected":false},"excerpt":{"rendered":"<p>Atualizada em 11\/08\/2024 Este site \u00e9 mantido e operado por Elevar Energia. N\u00f3s coletamos e utilizamos alguns dados pessoais que pertencem \u00e0queles que utilizam nosso site. Ao faz\u00ea-lo, agimos na qualidade de controlador desses dados e estamos sujeitos \u00e0s disposi\u00e7\u00f5es da Lei Federal n. 13.709\/2018 (Lei Geral de Prote\u00e7\u00e3o de Dados Pessoais &#8211; LGPD). N\u00f3s [&hellip;]<\/p>\n","protected":false},"author":1,"featured_media":0,"parent":0,"menu_order":0,"comment_status":"closed","ping_status":"closed","template":"","meta":{"footnotes":""},"class_list":["post-15","page","type-page","status-publish","hentry"],"_links":{"self":[{"href":"https:\/\/elevar.siiig.com.br\/index.php?rest_route=\/wp\/v2\/pages\/15","targetHints":{"allow":["GET"]}}],"collection":[{"href":"https:\/\/elevar.siiig.com.br\/index.php?rest_route=\/wp\/v2\/pages"}],"about":[{"href":"https:\/\/elevar.siiig.com.br\/index.php?rest_route=\/wp\/v2\/types\/page"}],"author":[{"embeddable":true,"href":"https:\/\/elevar.siiig.com.br\/index.php?rest_route=\/wp\/v2\/users\/1"}],"replies":[{"embeddable":true,"href":"https:\/\/elevar.siiig.com.br\/index.php?rest_route=%2Fwp%2Fv2%2Fcomments&post=15"}],"version-history":[{"count":0,"href":"https:\/\/elevar.siiig.com.br\/index.php?rest_route=\/wp\/v2\/pages\/15\/revisions"}],"wp:attachment":[{"href":"https:\/\/elevar.siiig.com.br\/index.php?rest_route=%2Fwp%2Fv2%2Fmedia&parent=15"}],"curies":[{"name":"wp","href":"https:\/\/api.w.org\/{rel}","templated":true}]}}